{"id":10906,"date":"2022-05-12T22:20:52","date_gmt":"2022-05-12T20:20:52","guid":{"rendered":"https:\/\/www.detolskeorkester.dk\/event\/salz-11\/"},"modified":"2022-05-12T22:20:52","modified_gmt":"2022-05-12T20:20:52","slug":"salz-11","status":"publish","type":"tribe_events","link":"https:\/\/www.detolskeorkester.dk\/de\/event\/salz-11\/","title":{"rendered":"SALZ"},"content":{"rendered":"<div class=\"single-header\">\n<h3 class=\"uppercase\">\u00dcBER DIE LEISTUNG<\/h3>\n<\/p><\/div>\n<div class=\"single-description\">\n<p>Der junge Frederik versucht, dem M\u00e4dchen Karen zu helfen, das glaubt, dass ihr ertrunkener Vater aufgrund der Verurteilungen des inneren Missionarspriesters in die H\u00f6lle gegangen ist. In Harbo\u00f8re begegnet er dem \u201eFeind\u201c nicht in Form von Einzelpersonen, sondern einem starken solidarischen Kollektiv.<br \/>\nMit SALT schlie\u00dfen wir uns nach dem Verlust der Gr\u00f6\u00dfe des Imperiums im 17. Jahrhundert hinter den nationalen Grenzen ein und konzentrieren uns auf den Begriff des Glaubens, des Liberalismus und des aufkeimenden Nationalismus.<br \/>\nIn dichter Dunkelheit mit br\u00fcchigen Stimmen in Hymnengesang und fl\u00fcsterndem Gebet laden wir das Publikum hinaus in den Westwind, umgeben von den Kontrasten zwischen einsamen Existenzzweifeln und dem Fundamentalismus des Kollektivs.<br \/>\nInspiriert von historischen Ereignissen und von Hans Kirks Roman &#8222;Die Fischer&#8220;.<\/p>\n<div class=\"extras\"><\/div>\n<div><strong><span class=\"medvirkende\">Darsteller:<\/span><\/strong> \u00d8yvind Kirchhoff, Angelina Watson, Ditte Laumann, Morten Klode, Sofie Ebbesen Nielsen, Mireia Serra<br \/>\n<strong><span class=\"staff_type\">B\u00fchnenbildner &amp; Lichtdesigner:<\/span><\/strong> Jeppe Lawaetz<br \/>\n<strong><span class=\"staff_type\">Kost\u00fcmbildnerin:<\/span><\/strong> Signe Beckmann<br \/>\n<strong><span class=\"staff_type\">Sounddesigner:<\/span><\/strong> Jonas J\u00f8rgensen<br \/>\nAutorin <strong><span class=\"staff_type\">und Regisseurin:<\/span><\/strong> Lotte Faarup<br \/>\n<strong>Projektleitung:<\/strong> Charlotte Rindom<br \/>\n<strong><span class=\"staff_type\">Produzent:<\/span><\/strong> Das Olske Orchester<\/div>\n<\/div>\n","protected":false},"excerpt":{"rendered":"<p>Ein Begriff von Armut und Freiheit.<\/p>\n<p>Der junge Frederik versucht, dem M\u00e4dchen Karen zu helfen, das glaubt, dass ihr ertrunkener Vater aufgrund der Verurteilungen des inneren Missionarspriesters in die H\u00f6lle gegangen ist. In Harbo\u00f8re begegnet er dem \u201eFeind\u201c nicht in Form von Einzelpersonen, sondern einem starken solidarischen Kollektiv.<br \/>\nMit SALT schlie\u00dfen wir uns nach dem Verlust der Gr\u00f6\u00dfe des Imperiums im 17. Jahrhundert hinter den nationalen Grenzen ein und konzentrieren uns auf den Begriff des Glaubens, des Liberalismus und des aufkeimenden Nationalismus.<\/p>\n","protected":false},"author":6,"featured_media":10563,"template":"","meta":{"_tribe_events_status":"","_tribe_events_status_reason":"","footnotes":""},"tags":[],"tribe_events_cat":[106],"class_list":["post-10906","tribe_events","type-tribe_events","status-publish","has-post-thumbnail","hentry","tribe_events_cat-salz","cat_salz","description-off"],"yoast_head":"<!-- This site is optimized with the Yoast SEO plugin v27.5 - https:\/\/yoast.com\/product\/yoast-seo-wordpress\/ -->\n<title>SALZ - Det Olske Orkester<\/title>\n<meta name=\"robots\" content=\"index, follow, max-snippet:-1, max-image-preview:large, max-video-preview:-1\" \/>\n<link rel=\"canonical\" href=\"https:\/\/www.detolskeorkester.dk\/de\/event\/salz-11\/\" \/>\n<meta property=\"og:locale\" content=\"de_DE\" \/>\n<meta property=\"og:type\" content=\"article\" \/>\n<meta property=\"og:title\" content=\"SALZ - Det Olske Orkester\" \/>\n<meta property=\"og:description\" content=\"Ein Begriff von Armut und Freiheit. Der junge Frederik versucht, dem M\u00e4dchen Karen zu helfen, das glaubt, dass ihr ertrunkener Vater aufgrund der Verurteilungen des inneren Missionarspriesters in die H\u00f6lle gegangen ist. In Harbo\u00f8re begegnet er dem \u201eFeind\u201c nicht in Form von Einzelpersonen, sondern einem starken solidarischen Kollektiv. Mit SALT schlie\u00dfen wir uns nach dem Verlust der Gr\u00f6\u00dfe des Imperiums im 17. Jahrhundert hinter den nationalen Grenzen ein und konzentrieren uns auf den Begriff des Glaubens, des Liberalismus und des aufkeimenden Nationalismus.\" \/>\n<meta property=\"og:url\" content=\"https:\/\/www.detolskeorkester.dk\/de\/event\/salz-11\/\" \/>\n<meta property=\"og:site_name\" content=\"Det Olske Orkester\" \/>\n<meta property=\"article:publisher\" content=\"https:\/\/www.facebook.com\/detolskeorkester\" \/>\n<meta property=\"og:image\" content=\"https:\/\/www.detolskeorkester.dk\/wp-content\/uploads\/2018\/08\/Det-store-spring-1.jpg\" \/>\n\t<meta property=\"og:image:width\" content=\"2835\" \/>\n\t<meta property=\"og:image:height\" content=\"2049\" \/>\n\t<meta property=\"og:image:type\" content=\"image\/jpeg\" \/>\n<meta name=\"twitter:card\" content=\"summary_large_image\" \/>\n<meta name=\"twitter:label1\" content=\"Gesch\u00e4tzte Lesezeit\" \/>\n\t<meta name=\"twitter:data1\" content=\"1 Minute\" \/>\n<script type=\"application\/ld+json\" class=\"yoast-schema-graph\">{\"@context\":\"https:\\\/\\\/schema.org\",\"@graph\":[{\"@type\":\"WebPage\",\"@id\":\"https:\\\/\\\/www.detolskeorkester.dk\\\/de\\\/event\\\/salz-11\\\/\",\"url\":\"https:\\\/\\\/www.detolskeorkester.dk\\\/de\\\/event\\\/salz-11\\\/\",\"name\":\"SALZ - Det Olske Orkester\",\"isPartOf\":{\"@id\":\"https:\\\/\\\/www.detolskeorkester.dk\\\/de\\\/#website\"},\"primaryImageOfPage\":{\"@id\":\"https:\\\/\\\/www.detolskeorkester.dk\\\/de\\\/event\\\/salz-11\\\/#primaryimage\"},\"image\":{\"@id\":\"https:\\\/\\\/www.detolskeorkester.dk\\\/de\\\/event\\\/salz-11\\\/#primaryimage\"},\"thumbnailUrl\":\"https:\\\/\\\/www.detolskeorkester.dk\\\/wp-content\\\/uploads\\\/2019\\\/02\\\/Salt-1.jpg\",\"datePublished\":\"2022-05-12T20:20:52+00:00\",\"breadcrumb\":{\"@id\":\"https:\\\/\\\/www.detolskeorkester.dk\\\/de\\\/event\\\/salz-11\\\/#breadcrumb\"},\"inLanguage\":\"de-DE\",\"potentialAction\":[{\"@type\":\"ReadAction\",\"target\":[\"https:\\\/\\\/www.detolskeorkester.dk\\\/de\\\/event\\\/salz-11\\\/\"]}]},{\"@type\":\"ImageObject\",\"inLanguage\":\"de-DE\",\"@id\":\"https:\\\/\\\/www.detolskeorkester.dk\\\/de\\\/event\\\/salz-11\\\/#primaryimage\",\"url\":\"https:\\\/\\\/www.detolskeorkester.dk\\\/wp-content\\\/uploads\\\/2019\\\/02\\\/Salt-1.jpg\",\"contentUrl\":\"https:\\\/\\\/www.detolskeorkester.dk\\\/wp-content\\\/uploads\\\/2019\\\/02\\\/Salt-1.jpg\",\"width\":840,\"height\":440},{\"@type\":\"BreadcrumbList\",\"@id\":\"https:\\\/\\\/www.detolskeorkester.dk\\\/de\\\/event\\\/salz-11\\\/#breadcrumb\",\"itemListElement\":[{\"@type\":\"ListItem\",\"position\":1,\"name\":\"Hjem\",\"item\":\"https:\\\/\\\/www.detolskeorkester.dk\\\/de\\\/herzlich-willkommen\\\/\"},{\"@type\":\"ListItem\",\"position\":2,\"name\":\"Veranstaltungen\",\"item\":\"https:\\\/\\\/www.detolskeorkester.dk\\\/de\\\/events\\\/\"},{\"@type\":\"ListItem\",\"position\":3,\"name\":\"SALZ\"}]},{\"@type\":\"WebSite\",\"@id\":\"https:\\\/\\\/www.detolskeorkester.dk\\\/de\\\/#website\",\"url\":\"https:\\\/\\\/www.detolskeorkester.dk\\\/de\\\/\",\"name\":\"Det Olske Orkester\",\"description\":\"Ud i fors\u00f8get - Ind i kunsten\",\"publisher\":{\"@id\":\"https:\\\/\\\/www.detolskeorkester.dk\\\/de\\\/#organization\"},\"potentialAction\":[{\"@type\":\"SearchAction\",\"target\":{\"@type\":\"EntryPoint\",\"urlTemplate\":\"https:\\\/\\\/www.detolskeorkester.dk\\\/de\\\/?s={search_term_string}\"},\"query-input\":{\"@type\":\"PropertyValueSpecification\",\"valueRequired\":true,\"valueName\":\"search_term_string\"}}],\"inLanguage\":\"de-DE\"},{\"@type\":\"Organization\",\"@id\":\"https:\\\/\\\/www.detolskeorkester.dk\\\/de\\\/#organization\",\"name\":\"Det Olske Orkester\",\"url\":\"https:\\\/\\\/www.detolskeorkester.dk\\\/de\\\/\",\"logo\":{\"@type\":\"ImageObject\",\"inLanguage\":\"de-DE\",\"@id\":\"https:\\\/\\\/www.detolskeorkester.dk\\\/de\\\/#\\\/schema\\\/logo\\\/image\\\/\",\"url\":\"https:\\\/\\\/www.detolskeorkester.dk\\\/wp-content\\\/uploads\\\/2018\\\/08\\\/DOO-BG@220x130-NY-text.png\",\"contentUrl\":\"https:\\\/\\\/www.detolskeorkester.dk\\\/wp-content\\\/uploads\\\/2018\\\/08\\\/DOO-BG@220x130-NY-text.png\",\"width\":220,\"height\":130,\"caption\":\"Det Olske Orkester\"},\"image\":{\"@id\":\"https:\\\/\\\/www.detolskeorkester.dk\\\/de\\\/#\\\/schema\\\/logo\\\/image\\\/\"},\"sameAs\":[\"https:\\\/\\\/www.facebook.com\\\/detolskeorkester\"]}]}<\/script>\n<!-- \/ Yoast SEO plugin. -->","yoast_head_json":{"title":"SALZ - Det Olske Orkester","robots":{"index":"index","follow":"follow","max-snippet":"max-snippet:-1","max-image-preview":"max-image-preview:large","max-video-preview":"max-video-preview:-1"},"canonical":"https:\/\/www.detolskeorkester.dk\/de\/event\/salz-11\/","og_locale":"de_DE","og_type":"article","og_title":"SALZ - Det Olske Orkester","og_description":"Ein Begriff von Armut und Freiheit. Der junge Frederik versucht, dem M\u00e4dchen Karen zu helfen, das glaubt, dass ihr ertrunkener Vater aufgrund der Verurteilungen des inneren Missionarspriesters in die H\u00f6lle gegangen ist. In Harbo\u00f8re begegnet er dem \u201eFeind\u201c nicht in Form von Einzelpersonen, sondern einem starken solidarischen Kollektiv. Mit SALT schlie\u00dfen wir uns nach dem Verlust der Gr\u00f6\u00dfe des Imperiums im 17. Jahrhundert hinter den nationalen Grenzen ein und konzentrieren uns auf den Begriff des Glaubens, des Liberalismus und des aufkeimenden Nationalismus.","og_url":"https:\/\/www.detolskeorkester.dk\/de\/event\/salz-11\/","og_site_name":"Det Olske Orkester","article_publisher":"https:\/\/www.facebook.com\/detolskeorkester","og_image":[{"width":2835,"height":2049,"url":"https:\/\/www.detolskeorkester.dk\/wp-content\/uploads\/2018\/08\/Det-store-spring-1.jpg","type":"image\/jpeg"}],"twitter_card":"summary_large_image","twitter_misc":{"Gesch\u00e4tzte Lesezeit":"1 Minute"},"schema":{"@context":"https:\/\/schema.org","@graph":[{"@type":"WebPage","@id":"https:\/\/www.detolskeorkester.dk\/de\/event\/salz-11\/","url":"https:\/\/www.detolskeorkester.dk\/de\/event\/salz-11\/","name":"SALZ - Det Olske Orkester","isPartOf":{"@id":"https:\/\/www.detolskeorkester.dk\/de\/#website"},"primaryImageOfPage":{"@id":"https:\/\/www.detolskeorkester.dk\/de\/event\/salz-11\/#primaryimage"},"image":{"@id":"https:\/\/www.detolskeorkester.dk\/de\/event\/salz-11\/#primaryimage"},"thumbnailUrl":"https:\/\/www.detolskeorkester.dk\/wp-content\/uploads\/2019\/02\/Salt-1.jpg","datePublished":"2022-05-12T20:20:52+00:00","breadcrumb":{"@id":"https:\/\/www.detolskeorkester.dk\/de\/event\/salz-11\/#breadcrumb"},"inLanguage":"de-DE","potentialAction":[{"@type":"ReadAction","target":["https:\/\/www.detolskeorkester.dk\/de\/event\/salz-11\/"]}]},{"@type":"ImageObject","inLanguage":"de-DE","@id":"https:\/\/www.detolskeorkester.dk\/de\/event\/salz-11\/#primaryimage","url":"https:\/\/www.detolskeorkester.dk\/wp-content\/uploads\/2019\/02\/Salt-1.jpg","contentUrl":"https:\/\/www.detolskeorkester.dk\/wp-content\/uploads\/2019\/02\/Salt-1.jpg","width":840,"height":440},{"@type":"BreadcrumbList","@id":"https:\/\/www.detolskeorkester.dk\/de\/event\/salz-11\/#breadcrumb","itemListElement":[{"@type":"ListItem","position":1,"name":"Hjem","item":"https:\/\/www.detolskeorkester.dk\/de\/herzlich-willkommen\/"},{"@type":"ListItem","position":2,"name":"Veranstaltungen","item":"https:\/\/www.detolskeorkester.dk\/de\/events\/"},{"@type":"ListItem","position":3,"name":"SALZ"}]},{"@type":"WebSite","@id":"https:\/\/www.detolskeorkester.dk\/de\/#website","url":"https:\/\/www.detolskeorkester.dk\/de\/","name":"Det Olske Orkester","description":"Ud i fors\u00f8get - Ind i kunsten","publisher":{"@id":"https:\/\/www.detolskeorkester.dk\/de\/#organization"},"potentialAction":[{"@type":"SearchAction","target":{"@type":"EntryPoint","urlTemplate":"https:\/\/www.detolskeorkester.dk\/de\/?s={search_term_string}"},"query-input":{"@type":"PropertyValueSpecification","valueRequired":true,"valueName":"search_term_string"}}],"inLanguage":"de-DE"},{"@type":"Organization","@id":"https:\/\/www.detolskeorkester.dk\/de\/#organization","name":"Det Olske Orkester","url":"https:\/\/www.detolskeorkester.dk\/de\/","logo":{"@type":"ImageObject","inLanguage":"de-DE","@id":"https:\/\/www.detolskeorkester.dk\/de\/#\/schema\/logo\/image\/","url":"https:\/\/www.detolskeorkester.dk\/wp-content\/uploads\/2018\/08\/DOO-BG@220x130-NY-text.png","contentUrl":"https:\/\/www.detolskeorkester.dk\/wp-content\/uploads\/2018\/08\/DOO-BG@220x130-NY-text.png","width":220,"height":130,"caption":"Det Olske Orkester"},"image":{"@id":"https:\/\/www.detolskeorkester.dk\/de\/#\/schema\/logo\/image\/"},"sameAs":["https:\/\/www.facebook.com\/detolskeorkester"]}]}},"_links":{"self":[{"href":"https:\/\/www.detolskeorkester.dk\/de\/wp-json\/wp\/v2\/tribe_events\/10906","targetHints":{"allow":["GET"]}}],"collection":[{"href":"https:\/\/www.detolskeorkester.dk\/de\/wp-json\/wp\/v2\/tribe_events"}],"about":[{"href":"https:\/\/www.detolskeorkester.dk\/de\/wp-json\/wp\/v2\/types\/tribe_events"}],"author":[{"embeddable":true,"href":"https:\/\/www.detolskeorkester.dk\/de\/wp-json\/wp\/v2\/users\/6"}],"version-history":[{"count":0,"href":"https:\/\/www.detolskeorkester.dk\/de\/wp-json\/wp\/v2\/tribe_events\/10906\/revisions"}],"wp:featuredmedia":[{"embeddable":true,"href":"https:\/\/www.detolskeorkester.dk\/de\/wp-json\/wp\/v2\/media\/10563"}],"wp:attachment":[{"href":"https:\/\/www.detolskeorkester.dk\/de\/wp-json\/wp\/v2\/media?parent=10906"}],"wp:term":[{"taxonomy":"post_tag","embeddable":true,"href":"https:\/\/www.detolskeorkester.dk\/de\/wp-json\/wp\/v2\/tags?post=10906"},{"taxonomy":"tribe_events_cat","embeddable":true,"href":"https:\/\/www.detolskeorkester.dk\/de\/wp-json\/wp\/v2\/tribe_events_cat?post=10906"}],"curies":[{"name":"wp","href":"https:\/\/api.w.org\/{rel}","templated":true}]}}