{"id":10960,"date":"2022-05-12T22:21:03","date_gmt":"2022-05-12T20:21:03","guid":{"rendered":"https:\/\/www.detolskeorkester.dk\/event\/der-fahrerlose-mann-8\/"},"modified":"2022-05-12T22:21:03","modified_gmt":"2022-05-12T20:21:03","slug":"der-fahrerlose-mann-8","status":"publish","type":"tribe_events","link":"https:\/\/www.detolskeorkester.dk\/de\/event\/der-fahrerlose-mann-8\/","title":{"rendered":"DER FAHRERLOSE MANN"},"content":{"rendered":"<p>Langsam gew\u00f6hnen wir uns daran. Beziehungen ohne K\u00f6rperkontakt. Ohne k\u00f6rperliche Folgen. Wir starren auf einen Bildschirm und sagen, dass wir mit anderen Menschen in Kontakt sind. Wir sprechen mit dem Bildschirm, gehen mit dem Bildschirm, essen und sto\u00dfen mit dem Bildschirm an. Gleichzeitig w\u00e4chst unser Nacken fest in die vorgebeugte Richtung, unsere Fingerkuppen reiben sich an Kn\u00f6pfen, unsere Augen werden in einem Lichtmeer aus Unterbrechungen flackernd herumgeschickt.<\/p>\n<p>In der Performance \u201eThe Driverless Man\u201c folgen wir einem einsamen Mann aus einer digitalisierten Welt, der die Zeit zur\u00fcck in die 60er Jahre dreht, in eine Zeit mit Postboten, Festnetz und dicken B\u00fcchern, um den Kontakt zu seinen sozialen F\u00e4higkeiten wieder herzustellen die materiellen Bed\u00fcrfnisse seines K\u00f6rpers. Aber etwas ist verloren gegangen. Er schaut stundenlang aus dem Briefkasten, greift zum Telefon und lauscht jeden zweiten Moment; nur um immer entt\u00e4uschter zu werden&#8230; Wird es ihm nie wieder gelingen, mit seinem urspr\u00fcnglichen Ich in Kontakt zu treten? W\u00e4hrend er es immer wieder versucht, wird er von ruhelosen digitalen Abstinenzen geplagt und sehnt sich nach der automatisierten robotisierten Gegenwart, die er hinterlassen hat \u2026<\/p>\n<p><strong>K\u00dcNSTLERISCHE<\/strong> LEITUNG Das Olske Orchestra<br \/>\nDramatikerin und Regisseurin Lotte <strong>Faarup<\/strong><br \/>\n<strong>SCHAUSPIELER<\/strong> \u00d8yvind Kirchhoff<br \/>\n<strong>SZENOGRAF UND PUPPENMACHER<\/strong> Rolf S\u00f8borg Hansen<br \/>\n<strong>LICHTDESIGNER, WORKSHOP UND SPECIAL EFFECTS<\/strong> Jon Gelting<br \/>\n<strong>SOUNDDESIGNER<\/strong> Jonas J\u00f8rgensen<br \/>\n<strong>PRODUKTIONS- UND REISEF\u00dcHRER, TECHNISCHE ANsiedlung<\/strong> S\u00f8ren Kyed<br \/>\n<strong>PR &amp; MARKETING<\/strong> Lena Hedegaard \/ Art Attack<br \/>\n<strong>PROJEKTLEITERin<\/strong> Charlotte Rindom<br \/>\n<strong>GRAFIK<\/strong> Kare Larsen<br \/>\n<strong>FOTOGRAF<\/strong> \u00d8yvind Kirchhoff<br \/>\n<strong>PLAKAT UND TITELBILD<\/strong> Rolf S\u00f8borg Hansen<br \/>\nThe Driverless Man ist eine Zusammenarbeit mit dem Teater Katapult in Aarhus.<\/p>\n","protected":false},"excerpt":{"rendered":"<p>In der Performance \u201eThe Driverless Man\u201c folgen wir einem einsamen Mann aus einer digitalisierten Welt, der die Zeit zur\u00fcck in die 60er Jahre dreht, in eine Zeit mit Postboten, Festnetz und dicken B\u00fcchern, um den Kontakt zu seinen sozialen F\u00e4higkeiten wieder herzustellen die materiellen Bed\u00fcrfnisse seines K\u00f6rpers. Aber etwas ist verloren gegangen &#8230;<\/p>\n","protected":false},"author":6,"featured_media":10700,"template":"","meta":{"_tribe_events_status":"","_tribe_events_status_reason":"","footnotes":""},"tags":[],"tribe_events_cat":[],"class_list":["post-10960","tribe_events","type-tribe_events","status-publish","has-post-thumbnail","hentry","description-off"],"yoast_head":"<!-- This site is optimized with the Yoast SEO plugin v27.4 - https:\/\/yoast.com\/product\/yoast-seo-wordpress\/ -->\n<title>DER FAHRERLOSE MANN - Det Olske Orkester<\/title>\n<meta name=\"description\" content=\"In der Performance \u201eThe Driverless Man\u201c folgen wir einem einsamen Mann aus einer digitalisierten Welt, der die Zeit zur\u00fcck in die 60er Jahre dreht, in eine Zeit mit Postboten, Festnetz und dicken B\u00fcchern, um den Kontakt zu seinen sozialen F\u00e4higkeiten wieder herzustellen die materiellen Bed\u00fcrfnisse seines K\u00f6rpers. Aber etwas ist verloren gegangen ...\" \/>\n<meta name=\"robots\" content=\"index, follow, max-snippet:-1, max-image-preview:large, max-video-preview:-1\" \/>\n<link rel=\"canonical\" href=\"https:\/\/www.detolskeorkester.dk\/de\/event\/der-fahrerlose-mann-8\/\" \/>\n<meta property=\"og:locale\" content=\"de_DE\" \/>\n<meta property=\"og:type\" content=\"article\" \/>\n<meta property=\"og:title\" content=\"DER FAHRERLOSE MANN - Det Olske Orkester\" \/>\n<meta property=\"og:description\" content=\"In der Performance \u201eThe Driverless Man\u201c folgen wir einem einsamen Mann aus einer digitalisierten Welt, der die Zeit zur\u00fcck in die 60er Jahre dreht, in eine Zeit mit Postboten, Festnetz und dicken B\u00fcchern, um den Kontakt zu seinen sozialen F\u00e4higkeiten wieder herzustellen die materiellen Bed\u00fcrfnisse seines K\u00f6rpers. Aber etwas ist verloren gegangen ...\" \/>\n<meta property=\"og:url\" content=\"https:\/\/www.detolskeorkester.dk\/de\/event\/der-fahrerlose-mann-8\/\" \/>\n<meta property=\"og:site_name\" content=\"Det Olske Orkester\" \/>\n<meta property=\"article:publisher\" content=\"https:\/\/www.facebook.com\/detolskeorkester\" \/>\n<meta property=\"og:image\" content=\"https:\/\/www.detolskeorkester.dk\/wp-content\/uploads\/2019\/11\/DFM-plakat.jpg\" \/>\n\t<meta property=\"og:image:width\" content=\"1191\" \/>\n\t<meta property=\"og:image:height\" content=\"1684\" \/>\n\t<meta property=\"og:image:type\" content=\"image\/jpeg\" \/>\n<meta name=\"twitter:card\" content=\"summary_large_image\" \/>\n<meta name=\"twitter:label1\" content=\"Gesch\u00e4tzte Lesezeit\" \/>\n\t<meta name=\"twitter:data1\" content=\"1 Minute\" \/>\n<script type=\"application\/ld+json\" class=\"yoast-schema-graph\">{\"@context\":\"https:\\\/\\\/schema.org\",\"@graph\":[{\"@type\":\"WebPage\",\"@id\":\"https:\\\/\\\/www.detolskeorkester.dk\\\/de\\\/event\\\/der-fahrerlose-mann-8\\\/\",\"url\":\"https:\\\/\\\/www.detolskeorkester.dk\\\/de\\\/event\\\/der-fahrerlose-mann-8\\\/\",\"name\":\"DER FAHRERLOSE MANN - Det Olske Orkester\",\"isPartOf\":{\"@id\":\"https:\\\/\\\/www.detolskeorkester.dk\\\/de\\\/#website\"},\"primaryImageOfPage\":{\"@id\":\"https:\\\/\\\/www.detolskeorkester.dk\\\/de\\\/event\\\/der-fahrerlose-mann-8\\\/#primaryimage\"},\"image\":{\"@id\":\"https:\\\/\\\/www.detolskeorkester.dk\\\/de\\\/event\\\/der-fahrerlose-mann-8\\\/#primaryimage\"},\"thumbnailUrl\":\"https:\\\/\\\/www.detolskeorkester.dk\\\/wp-content\\\/uploads\\\/2019\\\/11\\\/DFM-plakat.jpg\",\"datePublished\":\"2022-05-12T20:21:03+00:00\",\"description\":\"In der Performance \u201eThe Driverless Man\u201c folgen wir einem einsamen Mann aus einer digitalisierten Welt, der die Zeit zur\u00fcck in die 60er Jahre dreht, in eine Zeit mit Postboten, Festnetz und dicken B\u00fcchern, um den Kontakt zu seinen sozialen F\u00e4higkeiten wieder herzustellen die materiellen Bed\u00fcrfnisse seines K\u00f6rpers. Aber etwas ist verloren gegangen ...\",\"breadcrumb\":{\"@id\":\"https:\\\/\\\/www.detolskeorkester.dk\\\/de\\\/event\\\/der-fahrerlose-mann-8\\\/#breadcrumb\"},\"inLanguage\":\"de-DE\",\"potentialAction\":[{\"@type\":\"ReadAction\",\"target\":[\"https:\\\/\\\/www.detolskeorkester.dk\\\/de\\\/event\\\/der-fahrerlose-mann-8\\\/\"]}]},{\"@type\":\"ImageObject\",\"inLanguage\":\"de-DE\",\"@id\":\"https:\\\/\\\/www.detolskeorkester.dk\\\/de\\\/event\\\/der-fahrerlose-mann-8\\\/#primaryimage\",\"url\":\"https:\\\/\\\/www.detolskeorkester.dk\\\/wp-content\\\/uploads\\\/2019\\\/11\\\/DFM-plakat.jpg\",\"contentUrl\":\"https:\\\/\\\/www.detolskeorkester.dk\\\/wp-content\\\/uploads\\\/2019\\\/11\\\/DFM-plakat.jpg\",\"width\":1191,\"height\":1684},{\"@type\":\"BreadcrumbList\",\"@id\":\"https:\\\/\\\/www.detolskeorkester.dk\\\/de\\\/event\\\/der-fahrerlose-mann-8\\\/#breadcrumb\",\"itemListElement\":[{\"@type\":\"ListItem\",\"position\":1,\"name\":\"Hjem\",\"item\":\"https:\\\/\\\/www.detolskeorkester.dk\\\/de\\\/herzlich-willkommen\\\/\"},{\"@type\":\"ListItem\",\"position\":2,\"name\":\"Veranstaltungen\",\"item\":\"https:\\\/\\\/www.detolskeorkester.dk\\\/de\\\/events\\\/\"},{\"@type\":\"ListItem\",\"position\":3,\"name\":\"DER FAHRERLOSE MANN\"}]},{\"@type\":\"WebSite\",\"@id\":\"https:\\\/\\\/www.detolskeorkester.dk\\\/de\\\/#website\",\"url\":\"https:\\\/\\\/www.detolskeorkester.dk\\\/de\\\/\",\"name\":\"Det Olske Orkester\",\"description\":\"Ud i fors\u00f8get - Ind i kunsten\",\"publisher\":{\"@id\":\"https:\\\/\\\/www.detolskeorkester.dk\\\/de\\\/#organization\"},\"potentialAction\":[{\"@type\":\"SearchAction\",\"target\":{\"@type\":\"EntryPoint\",\"urlTemplate\":\"https:\\\/\\\/www.detolskeorkester.dk\\\/de\\\/?s={search_term_string}\"},\"query-input\":{\"@type\":\"PropertyValueSpecification\",\"valueRequired\":true,\"valueName\":\"search_term_string\"}}],\"inLanguage\":\"de-DE\"},{\"@type\":\"Organization\",\"@id\":\"https:\\\/\\\/www.detolskeorkester.dk\\\/de\\\/#organization\",\"name\":\"Det Olske Orkester\",\"url\":\"https:\\\/\\\/www.detolskeorkester.dk\\\/de\\\/\",\"logo\":{\"@type\":\"ImageObject\",\"inLanguage\":\"de-DE\",\"@id\":\"https:\\\/\\\/www.detolskeorkester.dk\\\/de\\\/#\\\/schema\\\/logo\\\/image\\\/\",\"url\":\"https:\\\/\\\/www.detolskeorkester.dk\\\/wp-content\\\/uploads\\\/2018\\\/08\\\/DOO-BG@220x130-NY-text.png\",\"contentUrl\":\"https:\\\/\\\/www.detolskeorkester.dk\\\/wp-content\\\/uploads\\\/2018\\\/08\\\/DOO-BG@220x130-NY-text.png\",\"width\":220,\"height\":130,\"caption\":\"Det Olske Orkester\"},\"image\":{\"@id\":\"https:\\\/\\\/www.detolskeorkester.dk\\\/de\\\/#\\\/schema\\\/logo\\\/image\\\/\"},\"sameAs\":[\"https:\\\/\\\/www.facebook.com\\\/detolskeorkester\"]}]}<\/script>\n<!-- \/ Yoast SEO plugin. -->","yoast_head_json":{"title":"DER FAHRERLOSE MANN - Det Olske Orkester","description":"In der Performance \u201eThe Driverless Man\u201c folgen wir einem einsamen Mann aus einer digitalisierten Welt, der die Zeit zur\u00fcck in die 60er Jahre dreht, in eine Zeit mit Postboten, Festnetz und dicken B\u00fcchern, um den Kontakt zu seinen sozialen F\u00e4higkeiten wieder herzustellen die materiellen Bed\u00fcrfnisse seines K\u00f6rpers. Aber etwas ist verloren gegangen ...","robots":{"index":"index","follow":"follow","max-snippet":"max-snippet:-1","max-image-preview":"max-image-preview:large","max-video-preview":"max-video-preview:-1"},"canonical":"https:\/\/www.detolskeorkester.dk\/de\/event\/der-fahrerlose-mann-8\/","og_locale":"de_DE","og_type":"article","og_title":"DER FAHRERLOSE MANN - Det Olske Orkester","og_description":"In der Performance \u201eThe Driverless Man\u201c folgen wir einem einsamen Mann aus einer digitalisierten Welt, der die Zeit zur\u00fcck in die 60er Jahre dreht, in eine Zeit mit Postboten, Festnetz und dicken B\u00fcchern, um den Kontakt zu seinen sozialen F\u00e4higkeiten wieder herzustellen die materiellen Bed\u00fcrfnisse seines K\u00f6rpers. Aber etwas ist verloren gegangen ...","og_url":"https:\/\/www.detolskeorkester.dk\/de\/event\/der-fahrerlose-mann-8\/","og_site_name":"Det Olske Orkester","article_publisher":"https:\/\/www.facebook.com\/detolskeorkester","og_image":[{"width":1191,"height":1684,"url":"https:\/\/www.detolskeorkester.dk\/wp-content\/uploads\/2019\/11\/DFM-plakat.jpg","type":"image\/jpeg"}],"twitter_card":"summary_large_image","twitter_misc":{"Gesch\u00e4tzte Lesezeit":"1 Minute"},"schema":{"@context":"https:\/\/schema.org","@graph":[{"@type":"WebPage","@id":"https:\/\/www.detolskeorkester.dk\/de\/event\/der-fahrerlose-mann-8\/","url":"https:\/\/www.detolskeorkester.dk\/de\/event\/der-fahrerlose-mann-8\/","name":"DER FAHRERLOSE MANN - Det Olske Orkester","isPartOf":{"@id":"https:\/\/www.detolskeorkester.dk\/de\/#website"},"primaryImageOfPage":{"@id":"https:\/\/www.detolskeorkester.dk\/de\/event\/der-fahrerlose-mann-8\/#primaryimage"},"image":{"@id":"https:\/\/www.detolskeorkester.dk\/de\/event\/der-fahrerlose-mann-8\/#primaryimage"},"thumbnailUrl":"https:\/\/www.detolskeorkester.dk\/wp-content\/uploads\/2019\/11\/DFM-plakat.jpg","datePublished":"2022-05-12T20:21:03+00:00","description":"In der Performance \u201eThe Driverless Man\u201c folgen wir einem einsamen Mann aus einer digitalisierten Welt, der die Zeit zur\u00fcck in die 60er Jahre dreht, in eine Zeit mit Postboten, Festnetz und dicken B\u00fcchern, um den Kontakt zu seinen sozialen F\u00e4higkeiten wieder herzustellen die materiellen Bed\u00fcrfnisse seines K\u00f6rpers. Aber etwas ist verloren gegangen ...","breadcrumb":{"@id":"https:\/\/www.detolskeorkester.dk\/de\/event\/der-fahrerlose-mann-8\/#breadcrumb"},"inLanguage":"de-DE","potentialAction":[{"@type":"ReadAction","target":["https:\/\/www.detolskeorkester.dk\/de\/event\/der-fahrerlose-mann-8\/"]}]},{"@type":"ImageObject","inLanguage":"de-DE","@id":"https:\/\/www.detolskeorkester.dk\/de\/event\/der-fahrerlose-mann-8\/#primaryimage","url":"https:\/\/www.detolskeorkester.dk\/wp-content\/uploads\/2019\/11\/DFM-plakat.jpg","contentUrl":"https:\/\/www.detolskeorkester.dk\/wp-content\/uploads\/2019\/11\/DFM-plakat.jpg","width":1191,"height":1684},{"@type":"BreadcrumbList","@id":"https:\/\/www.detolskeorkester.dk\/de\/event\/der-fahrerlose-mann-8\/#breadcrumb","itemListElement":[{"@type":"ListItem","position":1,"name":"Hjem","item":"https:\/\/www.detolskeorkester.dk\/de\/herzlich-willkommen\/"},{"@type":"ListItem","position":2,"name":"Veranstaltungen","item":"https:\/\/www.detolskeorkester.dk\/de\/events\/"},{"@type":"ListItem","position":3,"name":"DER FAHRERLOSE MANN"}]},{"@type":"WebSite","@id":"https:\/\/www.detolskeorkester.dk\/de\/#website","url":"https:\/\/www.detolskeorkester.dk\/de\/","name":"Det Olske Orkester","description":"Ud i fors\u00f8get - Ind i kunsten","publisher":{"@id":"https:\/\/www.detolskeorkester.dk\/de\/#organization"},"potentialAction":[{"@type":"SearchAction","target":{"@type":"EntryPoint","urlTemplate":"https:\/\/www.detolskeorkester.dk\/de\/?s={search_term_string}"},"query-input":{"@type":"PropertyValueSpecification","valueRequired":true,"valueName":"search_term_string"}}],"inLanguage":"de-DE"},{"@type":"Organization","@id":"https:\/\/www.detolskeorkester.dk\/de\/#organization","name":"Det Olske Orkester","url":"https:\/\/www.detolskeorkester.dk\/de\/","logo":{"@type":"ImageObject","inLanguage":"de-DE","@id":"https:\/\/www.detolskeorkester.dk\/de\/#\/schema\/logo\/image\/","url":"https:\/\/www.detolskeorkester.dk\/wp-content\/uploads\/2018\/08\/DOO-BG@220x130-NY-text.png","contentUrl":"https:\/\/www.detolskeorkester.dk\/wp-content\/uploads\/2018\/08\/DOO-BG@220x130-NY-text.png","width":220,"height":130,"caption":"Det Olske Orkester"},"image":{"@id":"https:\/\/www.detolskeorkester.dk\/de\/#\/schema\/logo\/image\/"},"sameAs":["https:\/\/www.facebook.com\/detolskeorkester"]}]}},"_links":{"self":[{"href":"https:\/\/www.detolskeorkester.dk\/de\/wp-json\/wp\/v2\/tribe_events\/10960","targetHints":{"allow":["GET"]}}],"collection":[{"href":"https:\/\/www.detolskeorkester.dk\/de\/wp-json\/wp\/v2\/tribe_events"}],"about":[{"href":"https:\/\/www.detolskeorkester.dk\/de\/wp-json\/wp\/v2\/types\/tribe_events"}],"author":[{"embeddable":true,"href":"https:\/\/www.detolskeorkester.dk\/de\/wp-json\/wp\/v2\/users\/6"}],"version-history":[{"count":0,"href":"https:\/\/www.detolskeorkester.dk\/de\/wp-json\/wp\/v2\/tribe_events\/10960\/revisions"}],"wp:featuredmedia":[{"embeddable":true,"href":"https:\/\/www.detolskeorkester.dk\/de\/wp-json\/wp\/v2\/media\/10700"}],"wp:attachment":[{"href":"https:\/\/www.detolskeorkester.dk\/de\/wp-json\/wp\/v2\/media?parent=10960"}],"wp:term":[{"taxonomy":"post_tag","embeddable":true,"href":"https:\/\/www.detolskeorkester.dk\/de\/wp-json\/wp\/v2\/tags?post=10960"},{"taxonomy":"tribe_events_cat","embeddable":true,"href":"https:\/\/www.detolskeorkester.dk\/de\/wp-json\/wp\/v2\/tribe_events_cat?post=10960"}],"curies":[{"name":"wp","href":"https:\/\/api.w.org\/{rel}","templated":true}]}}